{"id":135,"date":"2022-02-24T20:49:15","date_gmt":"2022-02-24T20:49:15","guid":{"rendered":"https:\/\/artonaia.ch\/?page_id=135"},"modified":"2026-02-14T20:57:20","modified_gmt":"2026-02-14T20:57:20","slug":"design-alacarte","status":"publish","type":"page","link":"https:\/\/artonaia.ch\/?page_id=135","title":{"rendered":"Was isch gsi?"},"content":{"rendered":"\n<p><strong>30. August 2025 <\/strong>&#8211; <strong><strong>Noains Air<\/strong><\/strong><\/p>\n\n\n\n<figure class=\"wp-block-image size-large is-resized\"><img loading=\"lazy\" decoding=\"async\" width=\"1024\" height=\"683\" src=\"https:\/\/artonaia.ch\/wp-content\/uploads\/2026\/02\/DSC0482-1024x683.jpg\" alt=\"\" class=\"wp-image-844\" style=\"aspect-ratio:1.5000127378799073;width:484px;height:auto\" srcset=\"https:\/\/artonaia.ch\/wp-content\/uploads\/2026\/02\/DSC0482-1024x683.jpg 1024w, https:\/\/artonaia.ch\/wp-content\/uploads\/2026\/02\/DSC0482-300x200.jpg 300w, https:\/\/artonaia.ch\/wp-content\/uploads\/2026\/02\/DSC0482-768x512.jpg 768w, https:\/\/artonaia.ch\/wp-content\/uploads\/2026\/02\/DSC0482-1536x1024.jpg 1536w, https:\/\/artonaia.ch\/wp-content\/uploads\/2026\/02\/DSC0482-2048x1365.jpg 2048w, https:\/\/artonaia.ch\/wp-content\/uploads\/2026\/02\/DSC0482-421x281.jpg 421w\" sizes=\"auto, (max-width: 1024px) 100vw, 1024px\" \/><\/figure>\n\n\n\n<p>Noains Air &#8211; Hier sind wir zuhause. Wir verbeugen uns vor Arno, Karine, Manu und dem ganzen grossartigen Helferteam.<br><em>Bild Henk Melcherts<\/em><\/p>\n\n\n\n<div style=\"height:100px\" aria-hidden=\"true\" class=\"wp-block-spacer\"><\/div>\n\n\n\n<p><strong>01. Juni 2025 <\/strong>&#8211; <strong><strong>Geburtstagsbrunch von Conny und Otto<\/strong> im G\u00e4ssli Rodels<\/strong><\/p>\n\n\n\n<p>artonaias erster Versuch im neuen Gewand.<br>Vorl\u00e4ufig nur zu dritt, weil Hiroshi auf Reisen ist.<\/p>\n\n\n\n<p><\/p>\n\n\n\n<div style=\"height:100px\" aria-hidden=\"true\" class=\"wp-block-spacer\"><\/div>\n\n\n\n<p><strong>10. November 2024 <\/strong>&#8211; <strong>Geburtstags\u00fcberraschung f\u00fcr Masumi<\/strong><\/p>\n\n\n\n<p>artonaias letzter Auftritt im alten Gewand<\/p>\n\n\n\n<div style=\"height:100px\" aria-hidden=\"true\" class=\"wp-block-spacer\"><\/div>\n\n\n\n<p><strong>08. November 2024 <\/strong>&#8211; <strong>Abschlussfeier Kirchgemeinde Haldenstein<\/strong><\/p>\n\n\n\n<figure class=\"wp-block-image size-large is-resized\"><img loading=\"lazy\" decoding=\"async\" width=\"1600\" height=\"900\" src=\"https:\/\/artonaia.ch\/wp-content\/uploads\/2026\/02\/WhatsApp-Image-2026-02-14-at-21.13.01-edited.jpeg\" alt=\"\" class=\"wp-image-841\" style=\"width:514px;height:auto\" srcset=\"https:\/\/artonaia.ch\/wp-content\/uploads\/2026\/02\/WhatsApp-Image-2026-02-14-at-21.13.01-edited.jpeg 1600w, https:\/\/artonaia.ch\/wp-content\/uploads\/2026\/02\/WhatsApp-Image-2026-02-14-at-21.13.01-edited-300x169.jpeg 300w, https:\/\/artonaia.ch\/wp-content\/uploads\/2026\/02\/WhatsApp-Image-2026-02-14-at-21.13.01-edited-1024x576.jpeg 1024w, https:\/\/artonaia.ch\/wp-content\/uploads\/2026\/02\/WhatsApp-Image-2026-02-14-at-21.13.01-edited-768x432.jpeg 768w, https:\/\/artonaia.ch\/wp-content\/uploads\/2026\/02\/WhatsApp-Image-2026-02-14-at-21.13.01-edited-1536x864.jpeg 1536w, https:\/\/artonaia.ch\/wp-content\/uploads\/2026\/02\/WhatsApp-Image-2026-02-14-at-21.13.01-edited-421x237.jpeg 421w\" sizes=\"auto, (max-width: 1600px) 100vw, 1600px\" \/><\/figure>\n\n\n\n<p>artonaia mit Special-Guests: Wir performen &#8222;Popera&#8220; mit allen artonaia-Kindern und Masumi.<\/p>\n\n\n\n<div style=\"height:100px\" aria-hidden=\"true\" class=\"wp-block-spacer\"><\/div>\n\n\n\n<p><strong>07. September 2024 <\/strong>&#8211; <strong>Noains Air<\/strong><\/p>\n\n\n\n<figure class=\"wp-block-image size-large is-resized\"><img loading=\"lazy\" decoding=\"async\" width=\"1024\" height=\"683\" src=\"http:\/\/artonaia.ch\/wp-content\/uploads\/2024\/10\/DSC08786-1024x683.jpg\" alt=\"\" class=\"wp-image-782\" style=\"width:510px;height:auto\" srcset=\"https:\/\/artonaia.ch\/wp-content\/uploads\/2024\/10\/DSC08786-1024x683.jpg 1024w, https:\/\/artonaia.ch\/wp-content\/uploads\/2024\/10\/DSC08786-300x200.jpg 300w, https:\/\/artonaia.ch\/wp-content\/uploads\/2024\/10\/DSC08786-768x512.jpg 768w, https:\/\/artonaia.ch\/wp-content\/uploads\/2024\/10\/DSC08786-1536x1024.jpg 1536w, https:\/\/artonaia.ch\/wp-content\/uploads\/2024\/10\/DSC08786-2048x1365.jpg 2048w, https:\/\/artonaia.ch\/wp-content\/uploads\/2024\/10\/DSC08786-421x281.jpg 421w\" sizes=\"auto, (max-width: 1024px) 100vw, 1024px\" \/><\/figure>\n\n\n\n<p>Am kleinen feinen Noainser Open Air spielen wir vor geladenem Publikum. Zum Abschluss gibt es einen fulminanten Blues, unterst\u00fctzt von Hansruedi an der Schnorragiiga.<br><em>Bild Henk Melcherts<\/em><\/p>\n\n\n\n<div style=\"height:100px\" aria-hidden=\"true\" class=\"wp-block-spacer\"><\/div>\n\n\n\n<p><strong>10. August 2024 &#8211; Churerfest<\/strong> <strong>Arcas<\/strong><\/p>\n\n\n\n<figure class=\"wp-block-image size-large is-resized\"><img loading=\"lazy\" decoding=\"async\" width=\"1024\" height=\"1019\" src=\"https:\/\/artonaia.ch\/wp-content\/uploads\/2024\/08\/Flyer-Churerfest-adapted-1024x1019.jpg\" alt=\"\" class=\"wp-image-773\" style=\"width:308px;height:auto\" srcset=\"https:\/\/artonaia.ch\/wp-content\/uploads\/2024\/08\/Flyer-Churerfest-adapted-1024x1019.jpg 1024w, https:\/\/artonaia.ch\/wp-content\/uploads\/2024\/08\/Flyer-Churerfest-adapted-300x300.jpg 300w, https:\/\/artonaia.ch\/wp-content\/uploads\/2024\/08\/Flyer-Churerfest-adapted-150x150.jpg 150w, https:\/\/artonaia.ch\/wp-content\/uploads\/2024\/08\/Flyer-Churerfest-adapted-768x764.jpg 768w, https:\/\/artonaia.ch\/wp-content\/uploads\/2024\/08\/Flyer-Churerfest-adapted-301x300.jpg 301w, https:\/\/artonaia.ch\/wp-content\/uploads\/2024\/08\/Flyer-Churerfest-adapted.jpg 1080w\" sizes=\"auto, (max-width: 1024px) 100vw, 1024px\" \/><\/figure>\n\n\n\n<div style=\"height:100px\" aria-hidden=\"true\" class=\"wp-block-spacer\"><\/div>\n\n\n\n<p><strong>21. Juni 2024 &#8211; Kulturpunkt Planaterra Chur<\/strong><\/p>\n\n\n\n<figure class=\"wp-block-image size-large is-resized\"><img loading=\"lazy\" decoding=\"async\" width=\"724\" height=\"1024\" src=\"http:\/\/artonaia.ch\/wp-content\/uploads\/2024\/06\/Flyer-kulturpunkt-mit-logo-724x1024.png\" alt=\"\" class=\"wp-image-747\" style=\"width:302px;height:auto\" srcset=\"https:\/\/artonaia.ch\/wp-content\/uploads\/2024\/06\/Flyer-kulturpunkt-mit-logo-724x1024.png 724w, https:\/\/artonaia.ch\/wp-content\/uploads\/2024\/06\/Flyer-kulturpunkt-mit-logo-212x300.png 212w, https:\/\/artonaia.ch\/wp-content\/uploads\/2024\/06\/Flyer-kulturpunkt-mit-logo-768x1087.png 768w, https:\/\/artonaia.ch\/wp-content\/uploads\/2024\/06\/Flyer-kulturpunkt-mit-logo.png 800w\" sizes=\"auto, (max-width: 724px) 100vw, 724px\" \/><\/figure>\n\n\n\n<div style=\"height:100px\" aria-hidden=\"true\" class=\"wp-block-spacer\"><\/div>\n\n\n\n<p><strong>01. Juni 2024 &#8211; 50 Jahre Jubil\u00e4um Sportanlagen Obere Au Chur<\/strong><\/p>\n\n\n\n<figure class=\"wp-block-gallery has-nested-images columns-default is-cropped wp-block-gallery-1 is-layout-flex wp-block-gallery-is-layout-flex\">\n<figure class=\"wp-block-image size-large\"><img loading=\"lazy\" decoding=\"async\" width=\"1024\" height=\"683\" data-id=\"764\" src=\"https:\/\/artonaia.ch\/wp-content\/uploads\/2024\/08\/DSC02843-1024x683.jpg\" alt=\"\" class=\"wp-image-764\" srcset=\"https:\/\/artonaia.ch\/wp-content\/uploads\/2024\/08\/DSC02843-1024x683.jpg 1024w, https:\/\/artonaia.ch\/wp-content\/uploads\/2024\/08\/DSC02843-300x200.jpg 300w, https:\/\/artonaia.ch\/wp-content\/uploads\/2024\/08\/DSC02843-768x512.jpg 768w, https:\/\/artonaia.ch\/wp-content\/uploads\/2024\/08\/DSC02843-1536x1024.jpg 1536w, https:\/\/artonaia.ch\/wp-content\/uploads\/2024\/08\/DSC02843-2048x1365.jpg 2048w, https:\/\/artonaia.ch\/wp-content\/uploads\/2024\/08\/DSC02843-421x281.jpg 421w\" sizes=\"auto, (max-width: 1024px) 100vw, 1024px\" \/><\/figure>\n\n\n\n<figure class=\"wp-block-image size-large\"><img loading=\"lazy\" decoding=\"async\" width=\"1024\" height=\"683\" data-id=\"765\" src=\"https:\/\/artonaia.ch\/wp-content\/uploads\/2024\/08\/DSC02871-1024x683.jpg\" alt=\"\" class=\"wp-image-765\" srcset=\"https:\/\/artonaia.ch\/wp-content\/uploads\/2024\/08\/DSC02871-1024x683.jpg 1024w, https:\/\/artonaia.ch\/wp-content\/uploads\/2024\/08\/DSC02871-300x200.jpg 300w, https:\/\/artonaia.ch\/wp-content\/uploads\/2024\/08\/DSC02871-768x512.jpg 768w, https:\/\/artonaia.ch\/wp-content\/uploads\/2024\/08\/DSC02871-1536x1024.jpg 1536w, https:\/\/artonaia.ch\/wp-content\/uploads\/2024\/08\/DSC02871-2048x1365.jpg 2048w, https:\/\/artonaia.ch\/wp-content\/uploads\/2024\/08\/DSC02871-421x281.jpg 421w\" sizes=\"auto, (max-width: 1024px) 100vw, 1024px\" \/><\/figure>\n\n\n\n<figure class=\"wp-block-image size-large\"><img loading=\"lazy\" decoding=\"async\" width=\"1024\" height=\"683\" data-id=\"767\" src=\"https:\/\/artonaia.ch\/wp-content\/uploads\/2024\/08\/DSC02944-1024x683.jpg\" alt=\"\" class=\"wp-image-767\" srcset=\"https:\/\/artonaia.ch\/wp-content\/uploads\/2024\/08\/DSC02944-1024x683.jpg 1024w, https:\/\/artonaia.ch\/wp-content\/uploads\/2024\/08\/DSC02944-300x200.jpg 300w, https:\/\/artonaia.ch\/wp-content\/uploads\/2024\/08\/DSC02944-768x512.jpg 768w, https:\/\/artonaia.ch\/wp-content\/uploads\/2024\/08\/DSC02944-1536x1024.jpg 1536w, https:\/\/artonaia.ch\/wp-content\/uploads\/2024\/08\/DSC02944-2048x1365.jpg 2048w, https:\/\/artonaia.ch\/wp-content\/uploads\/2024\/08\/DSC02944-421x281.jpg 421w\" sizes=\"auto, (max-width: 1024px) 100vw, 1024px\" \/><\/figure>\n\n\n\n<figure class=\"wp-block-image size-large\"><img loading=\"lazy\" decoding=\"async\" width=\"1024\" height=\"683\" data-id=\"766\" src=\"https:\/\/artonaia.ch\/wp-content\/uploads\/2024\/08\/DSC02869-1024x683.jpg\" alt=\"\" class=\"wp-image-766\" srcset=\"https:\/\/artonaia.ch\/wp-content\/uploads\/2024\/08\/DSC02869-1024x683.jpg 1024w, https:\/\/artonaia.ch\/wp-content\/uploads\/2024\/08\/DSC02869-300x200.jpg 300w, https:\/\/artonaia.ch\/wp-content\/uploads\/2024\/08\/DSC02869-768x512.jpg 768w, https:\/\/artonaia.ch\/wp-content\/uploads\/2024\/08\/DSC02869-1536x1024.jpg 1536w, https:\/\/artonaia.ch\/wp-content\/uploads\/2024\/08\/DSC02869-2048x1365.jpg 2048w, https:\/\/artonaia.ch\/wp-content\/uploads\/2024\/08\/DSC02869-421x281.jpg 421w\" sizes=\"auto, (max-width: 1024px) 100vw, 1024px\" \/><\/figure>\n<\/figure>\n\n\n\n<p><em>Bilder Sportanlagen Obere Au<\/em><\/p>\n\n\n\n<div style=\"height:100px\" aria-hidden=\"true\" class=\"wp-block-spacer\"><\/div>\n\n\n\n<p><strong>16. Februar 2024 &#8211; Kulturschuppen Klosters <\/strong><\/p>\n\n\n\n<figure class=\"wp-block-image size-full is-resized\"><img loading=\"lazy\" decoding=\"async\" width=\"666\" height=\"929\" src=\"http:\/\/artonaia.ch\/wp-content\/uploads\/2024\/02\/flyer-klosters.png\" alt=\"\" class=\"wp-image-688\" style=\"width:261px;height:auto\" srcset=\"https:\/\/artonaia.ch\/wp-content\/uploads\/2024\/02\/flyer-klosters.png 666w, https:\/\/artonaia.ch\/wp-content\/uploads\/2024\/02\/flyer-klosters-215x300.png 215w\" sizes=\"auto, (max-width: 666px) 100vw, 666px\" \/><\/figure>\n\n\n\n<p><\/p>\n\n\n\n<div style=\"height:100px\" aria-hidden=\"true\" class=\"wp-block-spacer\"><\/div>\n\n\n\n<p><strong>31. Dezember 2023 &#8211; Silvesterparty Bofel &#8211; Private artonaia-session mit friends &amp; family<\/strong><\/p>\n\n\n\n<figure class=\"wp-block-image size-full is-resized\"><img loading=\"lazy\" decoding=\"async\" width=\"1024\" height=\"576\" src=\"https:\/\/artonaia.ch\/wp-content\/uploads\/2024\/01\/IMG-20231231-WA0002-edited.jpg\" alt=\"\" class=\"wp-image-636\" style=\"width:544px;height:auto\" srcset=\"https:\/\/artonaia.ch\/wp-content\/uploads\/2024\/01\/IMG-20231231-WA0002-edited.jpg 1024w, https:\/\/artonaia.ch\/wp-content\/uploads\/2024\/01\/IMG-20231231-WA0002-edited-300x169.jpg 300w, https:\/\/artonaia.ch\/wp-content\/uploads\/2024\/01\/IMG-20231231-WA0002-edited-768x432.jpg 768w, https:\/\/artonaia.ch\/wp-content\/uploads\/2024\/01\/IMG-20231231-WA0002-edited-421x237.jpg 421w\" sizes=\"auto, (max-width: 1024px) 100vw, 1024px\" \/><figcaption class=\"wp-element-caption\">Mit Kind und Kegel in der Bofelstube ins neue Jahr hineingrooven.<br>PS: Wo ist Theo?<br><em>Bild Cornelia Grimm<\/em><\/figcaption><\/figure>\n\n\n\n<div style=\"height:100px\" aria-hidden=\"true\" class=\"wp-block-spacer\"><\/div>\n\n\n\n<p><strong>17. Dezember 2023 &#8211; Adventskonzert mit dem Gemischten Chor Haldenstein in der reformierten Kirche Haldenstein<\/strong><\/p>\n\n\n\n<figure class=\"wp-block-image size-full is-resized\"><img loading=\"lazy\" decoding=\"async\" width=\"1024\" height=\"1024\" src=\"https:\/\/artonaia.ch\/wp-content\/uploads\/2024\/01\/threema-20231218-085412329.jpg\" alt=\"\" class=\"wp-image-630\" style=\"width:342px;height:auto\" srcset=\"https:\/\/artonaia.ch\/wp-content\/uploads\/2024\/01\/threema-20231218-085412329.jpg 1024w, https:\/\/artonaia.ch\/wp-content\/uploads\/2024\/01\/threema-20231218-085412329-300x300.jpg 300w, https:\/\/artonaia.ch\/wp-content\/uploads\/2024\/01\/threema-20231218-085412329-150x150.jpg 150w, https:\/\/artonaia.ch\/wp-content\/uploads\/2024\/01\/threema-20231218-085412329-768x768.jpg 768w\" sizes=\"auto, (max-width: 1024px) 100vw, 1024px\" \/><figcaption class=\"wp-element-caption\"><em>Bilder Henk Melcherts<\/em><\/figcaption><\/figure>\n\n\n\n<figure class=\"wp-block-embed is-type-video is-provider-youtube wp-block-embed-youtube wp-embed-aspect-16-9 wp-has-aspect-ratio\"><div class=\"wp-block-embed__wrapper\">\n<iframe loading=\"lazy\" title=\"Eyes Wide Open mit Chor\" width=\"760\" height=\"428\" src=\"https:\/\/www.youtube.com\/embed\/fvUl4wkCqR0?feature=oembed\" frameborder=\"0\" allow=\"accelerometer; autoplay; clipboard-write; encrypted-media; gyroscope; picture-in-picture; web-share\" referrerpolicy=\"strict-origin-when-cross-origin\" allowfullscreen><\/iframe>\n<\/div><figcaption class=\"wp-element-caption\"><em>Video Ruth Bianchi, Ton und Schnitt Otto B\u00e4r<\/em><\/figcaption><\/figure>\n\n\n\n<div style=\"height:100px\" aria-hidden=\"true\" class=\"wp-block-spacer\"><\/div>\n\n\n\n<p><strong>02. September 2023 &#8211; Smoke &amp; Bubbles auf dem Schlosshof Maienfeld<\/strong><\/p>\n\n\n\n<figure class=\"wp-block-image size-large is-resized\"><img loading=\"lazy\" decoding=\"async\" width=\"726\" height=\"1024\" src=\"http:\/\/artonaia.ch\/wp-content\/uploads\/2023\/08\/Smoke-and-Bubble-flyer-726x1024.png\" alt=\"\" class=\"wp-image-595\" style=\"width:379px;height:auto\" srcset=\"https:\/\/artonaia.ch\/wp-content\/uploads\/2023\/08\/Smoke-and-Bubble-flyer-726x1024.png 726w, https:\/\/artonaia.ch\/wp-content\/uploads\/2023\/08\/Smoke-and-Bubble-flyer-213x300.png 213w, https:\/\/artonaia.ch\/wp-content\/uploads\/2023\/08\/Smoke-and-Bubble-flyer-768x1083.png 768w, https:\/\/artonaia.ch\/wp-content\/uploads\/2023\/08\/Smoke-and-Bubble-flyer.png 796w\" sizes=\"auto, (max-width: 726px) 100vw, 726px\" \/><\/figure>\n\n\n\n<div style=\"height:100px\" aria-hidden=\"true\" class=\"wp-block-spacer\"><\/div>\n\n\n\n<p><strong>05. August 2023 &#8211; artonaia feat. Joe First im G\u00e4ssli in Rodels<\/strong><\/p>\n\n\n\n<figure class=\"wp-block-image size-large is-resized\"><img loading=\"lazy\" decoding=\"async\" width=\"2560\" height=\"2560\" src=\"https:\/\/artonaia.ch\/wp-content\/uploads\/2023\/11\/Artonaia-Rodels-2023-1-edited-scaled.jpg\" alt=\"\" class=\"wp-image-610\" style=\"width:417px;height:auto\" srcset=\"https:\/\/artonaia.ch\/wp-content\/uploads\/2023\/11\/Artonaia-Rodels-2023-1-edited-scaled.jpg 2560w, https:\/\/artonaia.ch\/wp-content\/uploads\/2023\/11\/Artonaia-Rodels-2023-1-edited-300x300.jpg 300w, https:\/\/artonaia.ch\/wp-content\/uploads\/2023\/11\/Artonaia-Rodels-2023-1-edited-1024x1024.jpg 1024w, https:\/\/artonaia.ch\/wp-content\/uploads\/2023\/11\/Artonaia-Rodels-2023-1-edited-150x150.jpg 150w, https:\/\/artonaia.ch\/wp-content\/uploads\/2023\/11\/Artonaia-Rodels-2023-1-edited-768x768.jpg 768w, https:\/\/artonaia.ch\/wp-content\/uploads\/2023\/11\/Artonaia-Rodels-2023-1-edited-1536x1536.jpg 1536w, https:\/\/artonaia.ch\/wp-content\/uploads\/2023\/11\/Artonaia-Rodels-2023-1-edited-2048x2048.jpg 2048w\" sizes=\"auto, (max-width: 2560px) 100vw, 2560px\" \/><\/figure>\n\n\n\n<p><em>Bild Jutta W\u00fcrth<\/em><\/p>\n\n\n\n<div style=\"height:100px\" aria-hidden=\"true\" class=\"wp-block-spacer\"><\/div>\n\n\n\n<p><strong>04. Juni 2023 &#8211; Geburtstagsbrunch von Conny und Otto<\/strong> <strong>in Felsberg<\/strong><\/p>\n\n\n\n<figure class=\"wp-block-image size-large is-resized\"><img loading=\"lazy\" decoding=\"async\" width=\"1024\" height=\"768\" src=\"https:\/\/artonaia.ch\/wp-content\/uploads\/2023\/06\/IMG_20230604_205241_548-1024x768.jpg\" alt=\"\" class=\"wp-image-562\" style=\"width:548px;height:auto\" srcset=\"https:\/\/artonaia.ch\/wp-content\/uploads\/2023\/06\/IMG_20230604_205241_548-1024x768.jpg 1024w, https:\/\/artonaia.ch\/wp-content\/uploads\/2023\/06\/IMG_20230604_205241_548-300x225.jpg 300w, https:\/\/artonaia.ch\/wp-content\/uploads\/2023\/06\/IMG_20230604_205241_548-768x576.jpg 768w, https:\/\/artonaia.ch\/wp-content\/uploads\/2023\/06\/IMG_20230604_205241_548-1536x1152.jpg 1536w, https:\/\/artonaia.ch\/wp-content\/uploads\/2023\/06\/IMG_20230604_205241_548-2048x1536.jpg 2048w, https:\/\/artonaia.ch\/wp-content\/uploads\/2023\/06\/IMG_20230604_205241_548-400x300.jpg 400w\" sizes=\"auto, (max-width: 1024px) 100vw, 1024px\" \/><figcaption class=\"wp-element-caption\">Unser Tonmeister und seine Frau haben Geburtstag gefeiert. Von uns gab es die Musik und von unserem Nachwuchs gab es artonaier Eier.<br><em>Bild artonaia<\/em> <\/figcaption><\/figure>\n\n\n\n<figure class=\"wp-block-embed is-type-video is-provider-youtube wp-block-embed-youtube wp-embed-aspect-16-9 wp-has-aspect-ratio\"><div class=\"wp-block-embed__wrapper\">\n<iframe loading=\"lazy\" title=\"artonaia - Felsberg 04.06.2023\" width=\"760\" height=\"428\" src=\"https:\/\/www.youtube.com\/embed\/lhDYocYw5T4?feature=oembed\" frameborder=\"0\" allow=\"accelerometer; autoplay; clipboard-write; encrypted-media; gyroscope; picture-in-picture; web-share\" referrerpolicy=\"strict-origin-when-cross-origin\" allowfullscreen><\/iframe>\n<\/div><figcaption class=\"wp-element-caption\"><em>Video Otto B\u00e4r<\/em><\/figcaption><\/figure>\n\n\n\n<div style=\"height:100px\" aria-hidden=\"true\" class=\"wp-block-spacer\"><\/div>\n\n\n\n<p><strong>02. Juni 2023 &#8211; Lange Nacht der Kirchen in Haldenstein<\/strong><\/p>\n\n\n\n<figure class=\"wp-block-image size-large is-resized\"><img loading=\"lazy\" decoding=\"async\" width=\"2560\" height=\"1917\" src=\"https:\/\/artonaia.ch\/wp-content\/uploads\/2023\/06\/haldenstein-konzert-Artonaia379-Verbessert-RR-edited-scaled.jpg\" alt=\"\" class=\"wp-image-557\" style=\"width:552px;height:auto\" srcset=\"https:\/\/artonaia.ch\/wp-content\/uploads\/2023\/06\/haldenstein-konzert-Artonaia379-Verbessert-RR-edited-scaled.jpg 2560w, https:\/\/artonaia.ch\/wp-content\/uploads\/2023\/06\/haldenstein-konzert-Artonaia379-Verbessert-RR-edited-300x225.jpg 300w, https:\/\/artonaia.ch\/wp-content\/uploads\/2023\/06\/haldenstein-konzert-Artonaia379-Verbessert-RR-edited-1024x767.jpg 1024w, https:\/\/artonaia.ch\/wp-content\/uploads\/2023\/06\/haldenstein-konzert-Artonaia379-Verbessert-RR-edited-768x575.jpg 768w, https:\/\/artonaia.ch\/wp-content\/uploads\/2023\/06\/haldenstein-konzert-Artonaia379-Verbessert-RR-edited-1536x1150.jpg 1536w, https:\/\/artonaia.ch\/wp-content\/uploads\/2023\/06\/haldenstein-konzert-Artonaia379-Verbessert-RR-edited-2048x1534.jpg 2048w, https:\/\/artonaia.ch\/wp-content\/uploads\/2023\/06\/haldenstein-konzert-Artonaia379-Verbessert-RR-edited-401x300.jpg 401w\" sizes=\"auto, (max-width: 2560px) 100vw, 2560px\" \/><figcaption class=\"wp-element-caption\">Unsere Rockfl\u00f6ten Mayumi und Masumi erhellen die Kirche Haldenstein.<br><em>Bild Alice Das Neves<\/em><\/figcaption><\/figure>\n\n\n\n<div style=\"height:100px\" aria-hidden=\"true\" class=\"wp-block-spacer\"><\/div>\n\n\n\n<p><strong>27. Mai 2023 &#8211; Saisonschluss in The Lounge Schloss Maienfeld<\/strong><\/p>\n\n\n\n<figure class=\"wp-block-image size-large is-resized\"><img loading=\"lazy\" decoding=\"async\" width=\"1024\" height=\"302\" src=\"https:\/\/artonaia.ch\/wp-content\/uploads\/2023\/05\/The-Lounge-1024x302.png\" alt=\"\" class=\"wp-image-537\" style=\"width:654px;height:auto\" srcset=\"https:\/\/artonaia.ch\/wp-content\/uploads\/2023\/05\/The-Lounge-1024x302.png 1024w, https:\/\/artonaia.ch\/wp-content\/uploads\/2023\/05\/The-Lounge-300x89.png 300w, https:\/\/artonaia.ch\/wp-content\/uploads\/2023\/05\/The-Lounge-768x227.png 768w, https:\/\/artonaia.ch\/wp-content\/uploads\/2023\/05\/The-Lounge-1536x453.png 1536w, https:\/\/artonaia.ch\/wp-content\/uploads\/2023\/05\/The-Lounge-2048x605.png 2048w, https:\/\/artonaia.ch\/wp-content\/uploads\/2023\/05\/The-Lounge-421x124.png 421w\" sizes=\"auto, (max-width: 1024px) 100vw, 1024px\" \/><figcaption class=\"wp-element-caption\">Artonaia ins richtige Licht ger\u00fcckt<br><em>Bilder Otto B\u00e4r<\/em><\/figcaption><\/figure>\n\n\n\n<div style=\"height:50px\" aria-hidden=\"true\" class=\"wp-block-spacer\"><\/div>\n\n\n\n<p><\/p>\n\n\n\n<p class=\"has-normal-font-size\"><strong>21. April 2023 &#8211; Grimmlis Geburtstag im Geisszipfel<\/strong><\/p>\n\n\n\n<figure class=\"wp-block-image size-full is-resized\"><img loading=\"lazy\" decoding=\"async\" width=\"1024\" height=\"768\" src=\"https:\/\/artonaia.ch\/wp-content\/uploads\/2023\/04\/IMG-20230422-WA0004.jpg\" alt=\"\" class=\"wp-image-502\" style=\"width:467px;height:auto\" srcset=\"https:\/\/artonaia.ch\/wp-content\/uploads\/2023\/04\/IMG-20230422-WA0004.jpg 1024w, https:\/\/artonaia.ch\/wp-content\/uploads\/2023\/04\/IMG-20230422-WA0004-300x225.jpg 300w, https:\/\/artonaia.ch\/wp-content\/uploads\/2023\/04\/IMG-20230422-WA0004-768x576.jpg 768w, https:\/\/artonaia.ch\/wp-content\/uploads\/2023\/04\/IMG-20230422-WA0004-400x300.jpg 400w\" sizes=\"auto, (max-width: 1024px) 100vw, 1024px\" \/><figcaption class=\"wp-element-caption\"><em>Bild Cornelia Grimm<\/em><\/figcaption><\/figure>\n\n\n\n<div style=\"height:50px\" aria-hidden=\"true\" class=\"wp-block-spacer\"><\/div>\n\n\n\n<p class=\"has-normal-font-size\"><strong>08. Oktober 2022 &#8211; In der Sch\u00fc\u00fcr in Haldenstein<\/strong><\/p>\n\n\n\n<p>Artonaia feiert sich selber. Wir haben Freunde, Familien und alle Neugierigen in die Sch\u00fc\u00fcr in Haldenstein gelockt. Mit zweieinhalb Stunden Musik werden wir und das Publikum gefordert und verw\u00f6hnt.<br>Von unserem Special Guest Florina aus Luzern werden wir mit Saxophonkl\u00e4ngen einmalig untermalt.<\/p>\n\n\n\n<figure class=\"wp-block-embed is-type-video is-provider-youtube wp-block-embed-youtube wp-embed-aspect-16-9 wp-has-aspect-ratio\"><div class=\"wp-block-embed__wrapper\">\n<iframe loading=\"lazy\" title=\"New York\" width=\"760\" height=\"428\" src=\"https:\/\/www.youtube.com\/embed\/4qz_U057GlY?feature=oembed\" frameborder=\"0\" allow=\"accelerometer; autoplay; clipboard-write; encrypted-media; gyroscope; picture-in-picture; web-share\" referrerpolicy=\"strict-origin-when-cross-origin\" allowfullscreen><\/iframe>\n<\/div><figcaption class=\"wp-element-caption\">New York in Haldenstein &#8211; Zwei Welten verschmelzen zu einer.<br><em>Ton und Video Otto B\u00e4r<\/em><\/figcaption><\/figure>\n\n\n\n<figure class=\"wp-block-embed is-type-video is-provider-youtube wp-block-embed-youtube wp-embed-aspect-16-9 wp-has-aspect-ratio\"><div class=\"wp-block-embed__wrapper\">\n<iframe loading=\"lazy\" title=\"Live ir Sch\u00fc\u00fcr - Highlights\" width=\"760\" height=\"428\" src=\"https:\/\/www.youtube.com\/embed\/POp2EDKqRCg?feature=oembed\" frameborder=\"0\" allow=\"accelerometer; autoplay; clipboard-write; encrypted-media; gyroscope; picture-in-picture; web-share\" referrerpolicy=\"strict-origin-when-cross-origin\" allowfullscreen><\/iframe>\n<\/div><\/figure>\n\n\n\n<p>Highlights in Haldenstein &#8211; Einmal quer durch den Abend<br><em>Ton und Video Otto B\u00e4r<\/em><\/p>\n\n\n\n<figure class=\"wp-block-image size-large is-resized\"><img loading=\"lazy\" decoding=\"async\" width=\"1024\" height=\"683\" src=\"https:\/\/artonaia.ch\/wp-content\/uploads\/2022\/10\/DSC07139bl-klein-1024x683.jpg\" alt=\"\" class=\"wp-image-423\" style=\"width:487px;height:auto\" srcset=\"https:\/\/artonaia.ch\/wp-content\/uploads\/2022\/10\/DSC07139bl-klein-1024x683.jpg 1024w, https:\/\/artonaia.ch\/wp-content\/uploads\/2022\/10\/DSC07139bl-klein-300x200.jpg 300w, https:\/\/artonaia.ch\/wp-content\/uploads\/2022\/10\/DSC07139bl-klein-768x512.jpg 768w, https:\/\/artonaia.ch\/wp-content\/uploads\/2022\/10\/DSC07139bl-klein-1536x1024.jpg 1536w, https:\/\/artonaia.ch\/wp-content\/uploads\/2022\/10\/DSC07139bl-klein-2048x1365.jpg 2048w, https:\/\/artonaia.ch\/wp-content\/uploads\/2022\/10\/DSC07139bl-klein-421x281.jpg 421w\" sizes=\"auto, (max-width: 1024px) 100vw, 1024px\" \/><\/figure>\n\n\n\n<figure class=\"wp-block-image size-large is-resized\"><img loading=\"lazy\" decoding=\"async\" width=\"1024\" height=\"683\" src=\"https:\/\/artonaia.ch\/wp-content\/uploads\/2022\/10\/DSC07066r-klein-1024x683.jpg\" alt=\"\" class=\"wp-image-424\" style=\"width:481px;height:auto\" srcset=\"https:\/\/artonaia.ch\/wp-content\/uploads\/2022\/10\/DSC07066r-klein-1024x683.jpg 1024w, https:\/\/artonaia.ch\/wp-content\/uploads\/2022\/10\/DSC07066r-klein-300x200.jpg 300w, https:\/\/artonaia.ch\/wp-content\/uploads\/2022\/10\/DSC07066r-klein-768x512.jpg 768w, https:\/\/artonaia.ch\/wp-content\/uploads\/2022\/10\/DSC07066r-klein-1536x1024.jpg 1536w, https:\/\/artonaia.ch\/wp-content\/uploads\/2022\/10\/DSC07066r-klein-2048x1365.jpg 2048w, https:\/\/artonaia.ch\/wp-content\/uploads\/2022\/10\/DSC07066r-klein-421x281.jpg 421w\" sizes=\"auto, (max-width: 1024px) 100vw, 1024px\" \/><figcaption class=\"wp-element-caption\"><em>Bilder Henk Melcherts<\/em><\/figcaption><\/figure>\n\n\n\n<figure class=\"wp-block-image size-large is-resized\"><img loading=\"lazy\" decoding=\"async\" width=\"712\" height=\"1024\" src=\"http:\/\/artonaia.ch\/wp-content\/uploads\/2022\/09\/cropped-artonaia_schuur02-flyer-scaled-1-712x1024.jpg\" alt=\"\" class=\"wp-image-394\" style=\"width:284px;height:auto\" srcset=\"https:\/\/artonaia.ch\/wp-content\/uploads\/2022\/09\/cropped-artonaia_schuur02-flyer-scaled-1-712x1024.jpg 712w, https:\/\/artonaia.ch\/wp-content\/uploads\/2022\/09\/cropped-artonaia_schuur02-flyer-scaled-1-209x300.jpg 209w, https:\/\/artonaia.ch\/wp-content\/uploads\/2022\/09\/cropped-artonaia_schuur02-flyer-scaled-1-768x1104.jpg 768w, https:\/\/artonaia.ch\/wp-content\/uploads\/2022\/09\/cropped-artonaia_schuur02-flyer-scaled-1-1069x1536.jpg 1069w, https:\/\/artonaia.ch\/wp-content\/uploads\/2022\/09\/cropped-artonaia_schuur02-flyer-scaled-1-1425x2048.jpg 1425w, https:\/\/artonaia.ch\/wp-content\/uploads\/2022\/09\/cropped-artonaia_schuur02-flyer-scaled-1.jpg 1781w\" sizes=\"auto, (max-width: 712px) 100vw, 712px\" \/><figcaption class=\"wp-element-caption\"><em>Bild artonaia<\/em><\/figcaption><\/figure>\n\n\n\n<div style=\"height:50px\" aria-hidden=\"true\" class=\"wp-block-spacer\"><\/div>\n\n\n\n<p class=\"has-normal-font-size\"><strong>13. August 2022 &#8211; Churerfest beim FC Orion <\/strong><\/p>\n\n\n\n<figure class=\"wp-block-image size-large is-resized\"><img loading=\"lazy\" decoding=\"async\" width=\"1024\" height=\"683\" src=\"https:\/\/artonaia.ch\/wp-content\/uploads\/2022\/08\/20220813-1024x683.jpg\" alt=\"\" class=\"wp-image-352\" style=\"width:370px;height:auto\" srcset=\"https:\/\/artonaia.ch\/wp-content\/uploads\/2022\/08\/20220813-1024x683.jpg 1024w, https:\/\/artonaia.ch\/wp-content\/uploads\/2022\/08\/20220813-300x200.jpg 300w, https:\/\/artonaia.ch\/wp-content\/uploads\/2022\/08\/20220813-768x512.jpg 768w, https:\/\/artonaia.ch\/wp-content\/uploads\/2022\/08\/20220813-1536x1024.jpg 1536w, https:\/\/artonaia.ch\/wp-content\/uploads\/2022\/08\/20220813-421x281.jpg 421w, https:\/\/artonaia.ch\/wp-content\/uploads\/2022\/08\/20220813.jpg 1600w\" sizes=\"auto, (max-width: 1024px) 100vw, 1024px\" \/><figcaption class=\"wp-element-caption\"><em>Bild Henk Melcherts<\/em><\/figcaption><\/figure>\n\n\n\n<figure class=\"wp-block-image size-full is-resized\"><img loading=\"lazy\" decoding=\"async\" width=\"773\" height=\"773\" src=\"https:\/\/artonaia.ch\/wp-content\/uploads\/2022\/09\/IMG_20220811_122227_057.jpg\" alt=\"\" class=\"wp-image-409\" style=\"width:458px;height:auto\" srcset=\"https:\/\/artonaia.ch\/wp-content\/uploads\/2022\/09\/IMG_20220811_122227_057.jpg 773w, https:\/\/artonaia.ch\/wp-content\/uploads\/2022\/09\/IMG_20220811_122227_057-300x300.jpg 300w, https:\/\/artonaia.ch\/wp-content\/uploads\/2022\/09\/IMG_20220811_122227_057-150x150.jpg 150w, https:\/\/artonaia.ch\/wp-content\/uploads\/2022\/09\/IMG_20220811_122227_057-768x768.jpg 768w\" sizes=\"auto, (max-width: 773px) 100vw, 773px\" \/><figcaption class=\"wp-element-caption\"><em>Bild FC Orion<\/em><\/figcaption><\/figure>\n\n\n\n<div style=\"height:50px\" aria-hidden=\"true\" class=\"wp-block-spacer\"><\/div>\n\n\n\n<p class=\"has-normal-font-size\"><strong>21. Mai 2022 &#8211; Gartenfest bei Familie Vonow in Rodels<\/strong><\/p>\n\n\n\n<figure class=\"wp-block-embed is-type-video is-provider-youtube wp-block-embed-youtube wp-embed-aspect-16-9 wp-has-aspect-ratio\"><div class=\"wp-block-embed__wrapper\">\n<iframe loading=\"lazy\" title=\"Broken Dreams\" width=\"760\" height=\"428\" src=\"https:\/\/www.youtube.com\/embed\/tXRmvYNZUco?feature=oembed\" frameborder=\"0\" allow=\"accelerometer; autoplay; clipboard-write; encrypted-media; gyroscope; picture-in-picture; web-share\" referrerpolicy=\"strict-origin-when-cross-origin\" allowfullscreen><\/iframe>\n<\/div><figcaption class=\"wp-element-caption\"><em>Ton und Video Otto B\u00e4r<\/em><\/figcaption><\/figure>\n\n\n\n<figure class=\"wp-block-image size-large is-resized\"><img loading=\"lazy\" decoding=\"async\" width=\"1024\" height=\"768\" src=\"http:\/\/artonaia.ch\/wp-content\/uploads\/2022\/05\/Foto-21.05.22-14-07-15-1024x768.jpg\" alt=\"\" class=\"wp-image-287\" style=\"width:384px;height:auto\" srcset=\"https:\/\/artonaia.ch\/wp-content\/uploads\/2022\/05\/Foto-21.05.22-14-07-15-1024x768.jpg 1024w, https:\/\/artonaia.ch\/wp-content\/uploads\/2022\/05\/Foto-21.05.22-14-07-15-300x225.jpg 300w, https:\/\/artonaia.ch\/wp-content\/uploads\/2022\/05\/Foto-21.05.22-14-07-15-768x576.jpg 768w, https:\/\/artonaia.ch\/wp-content\/uploads\/2022\/05\/Foto-21.05.22-14-07-15-1536x1152.jpg 1536w, https:\/\/artonaia.ch\/wp-content\/uploads\/2022\/05\/Foto-21.05.22-14-07-15-2048x1536.jpg 2048w, https:\/\/artonaia.ch\/wp-content\/uploads\/2022\/05\/Foto-21.05.22-14-07-15-400x300.jpg 400w\" sizes=\"auto, (max-width: 1024px) 100vw, 1024px\" \/><figcaption class=\"wp-element-caption\"><em>Bild Jutta W\u00fcrth<\/em><\/figcaption><\/figure>\n\n\n\n<figure class=\"wp-block-image size-large is-resized\"><img loading=\"lazy\" decoding=\"async\" width=\"1024\" height=\"809\" src=\"https:\/\/artonaia.ch\/wp-content\/uploads\/2022\/09\/20220522_185208b-1024x809.jpg\" alt=\"\" class=\"wp-image-405\" style=\"width:439px;height:auto\" srcset=\"https:\/\/artonaia.ch\/wp-content\/uploads\/2022\/09\/20220522_185208b-1024x809.jpg 1024w, https:\/\/artonaia.ch\/wp-content\/uploads\/2022\/09\/20220522_185208b-300x237.jpg 300w, https:\/\/artonaia.ch\/wp-content\/uploads\/2022\/09\/20220522_185208b-768x607.jpg 768w, https:\/\/artonaia.ch\/wp-content\/uploads\/2022\/09\/20220522_185208b-1536x1213.jpg 1536w, https:\/\/artonaia.ch\/wp-content\/uploads\/2022\/09\/20220522_185208b-2048x1617.jpg 2048w, https:\/\/artonaia.ch\/wp-content\/uploads\/2022\/09\/20220522_185208b-380x300.jpg 380w\" sizes=\"auto, (max-width: 1024px) 100vw, 1024px\" \/><figcaption class=\"wp-element-caption\"><em>Bild Ronja<\/em><\/figcaption><\/figure>\n\n\n\n<div style=\"height:50px\" aria-hidden=\"true\" class=\"wp-block-spacer\"><\/div>\n\n\n\n<p class=\"has-normal-font-size\"><strong>11. April 2022 &#8211; Premiere in Toms Beer Box<\/strong><\/p>\n\n\n\n<figure class=\"wp-block-embed is-type-video is-provider-youtube wp-block-embed-youtube wp-embed-aspect-16-9 wp-has-aspect-ratio\"><div class=\"wp-block-embed__wrapper\">\n<iframe loading=\"lazy\" title=\"Get Away Tango\" width=\"760\" height=\"428\" src=\"https:\/\/www.youtube.com\/embed\/K49t879dtuU?feature=oembed\" frameborder=\"0\" allow=\"accelerometer; autoplay; clipboard-write; encrypted-media; gyroscope; picture-in-picture; web-share\" referrerpolicy=\"strict-origin-when-cross-origin\" allowfullscreen><\/iframe>\n<\/div><figcaption class=\"wp-element-caption\"><em>Ton und Video Otto B\u00e4r<\/em><\/figcaption><\/figure>\n\n\n\n<figure class=\"wp-block-image size-large is-resized\"><img loading=\"lazy\" decoding=\"async\" width=\"1512\" height=\"1134\" src=\"https:\/\/artonaia.ch\/wp-content\/uploads\/2022\/05\/IMG_20220414_223729_220-edited.jpg\" alt=\"\" class=\"wp-image-297\" style=\"width:411px;height:auto\" srcset=\"https:\/\/artonaia.ch\/wp-content\/uploads\/2022\/05\/IMG_20220414_223729_220-edited.jpg 1512w, https:\/\/artonaia.ch\/wp-content\/uploads\/2022\/05\/IMG_20220414_223729_220-edited-300x225.jpg 300w, https:\/\/artonaia.ch\/wp-content\/uploads\/2022\/05\/IMG_20220414_223729_220-edited-1024x768.jpg 1024w, https:\/\/artonaia.ch\/wp-content\/uploads\/2022\/05\/IMG_20220414_223729_220-edited-768x576.jpg 768w, https:\/\/artonaia.ch\/wp-content\/uploads\/2022\/05\/IMG_20220414_223729_220-edited-400x300.jpg 400w\" sizes=\"auto, (max-width: 1512px) 100vw, 1512px\" \/><figcaption class=\"wp-element-caption\"><em>Bild unbekannt, bitte melden!<\/em><\/figcaption><\/figure>\n\n\n\n<figure class=\"wp-block-image size-full is-resized\"><img loading=\"lazy\" decoding=\"async\" width=\"742\" height=\"1024\" src=\"https:\/\/artonaia.ch\/wp-content\/uploads\/2022\/09\/20220410_190017b-742x1024-1.jpg\" alt=\"\" class=\"wp-image-407\" style=\"width:332px;height:auto\" srcset=\"https:\/\/artonaia.ch\/wp-content\/uploads\/2022\/09\/20220410_190017b-742x1024-1.jpg 742w, https:\/\/artonaia.ch\/wp-content\/uploads\/2022\/09\/20220410_190017b-742x1024-1-217x300.jpg 217w\" sizes=\"auto, (max-width: 742px) 100vw, 742px\" \/><figcaption class=\"wp-element-caption\"><em>Bild artonaia<\/em><\/figcaption><\/figure>\n\n\n\n<div style=\"height:50px\" aria-hidden=\"true\" class=\"wp-block-spacer\"><\/div>\n\n\n\n<p class=\"has-normal-font-size\"><strong>01. &#8211; 03. August 2020 &#8211; Party Noains und Recordingsession mit Arno<\/strong><\/p>\n\n\n\n<figure class=\"wp-block-image size-large is-resized\"><img loading=\"lazy\" decoding=\"async\" width=\"1024\" height=\"878\" src=\"https:\/\/artonaia.ch\/wp-content\/uploads\/2022\/09\/20200801_141946b-1024x878.jpg\" alt=\"\" class=\"wp-image-404\" style=\"width:321px;height:auto\" srcset=\"https:\/\/artonaia.ch\/wp-content\/uploads\/2022\/09\/20200801_141946b-1024x878.jpg 1024w, https:\/\/artonaia.ch\/wp-content\/uploads\/2022\/09\/20200801_141946b-300x257.jpg 300w, https:\/\/artonaia.ch\/wp-content\/uploads\/2022\/09\/20200801_141946b-768x659.jpg 768w, https:\/\/artonaia.ch\/wp-content\/uploads\/2022\/09\/20200801_141946b-1536x1318.jpg 1536w, https:\/\/artonaia.ch\/wp-content\/uploads\/2022\/09\/20200801_141946b-2048x1757.jpg 2048w, https:\/\/artonaia.ch\/wp-content\/uploads\/2022\/09\/20200801_141946b-350x300.jpg 350w\" sizes=\"auto, (max-width: 1024px) 100vw, 1024px\" \/><figcaption class=\"wp-element-caption\"><em>Bild artonaia<\/em><\/figcaption><\/figure>\n\n\n\n<figure class=\"wp-block-image size-large is-resized\"><img loading=\"lazy\" decoding=\"async\" width=\"1024\" height=\"768\" src=\"https:\/\/artonaia.ch\/wp-content\/uploads\/2022\/09\/20200803_144038b-1024x768.jpg\" alt=\"\" class=\"wp-image-403\" style=\"width:340px;height:auto\" srcset=\"https:\/\/artonaia.ch\/wp-content\/uploads\/2022\/09\/20200803_144038b-1024x768.jpg 1024w, https:\/\/artonaia.ch\/wp-content\/uploads\/2022\/09\/20200803_144038b-300x225.jpg 300w, https:\/\/artonaia.ch\/wp-content\/uploads\/2022\/09\/20200803_144038b-768x576.jpg 768w, https:\/\/artonaia.ch\/wp-content\/uploads\/2022\/09\/20200803_144038b-1536x1152.jpg 1536w, https:\/\/artonaia.ch\/wp-content\/uploads\/2022\/09\/20200803_144038b-2048x1536.jpg 2048w, https:\/\/artonaia.ch\/wp-content\/uploads\/2022\/09\/20200803_144038b-400x300.jpg 400w\" sizes=\"auto, (max-width: 1024px) 100vw, 1024px\" \/><figcaption class=\"wp-element-caption\"><em>Bild artonaia<\/em><\/figcaption><\/figure>\n\n\n\n<div style=\"height:50px\" aria-hidden=\"true\" class=\"wp-block-spacer\"><\/div>\n\n\n\n<p class=\"has-normal-font-size\"><strong>26. &#8211; 28. April 2020 &#8211; Bandweekend Pazen<\/strong><\/p>\n\n\n\n<figure class=\"wp-block-image size-large is-resized\"><img loading=\"lazy\" decoding=\"async\" width=\"1024\" height=\"927\" src=\"http:\/\/artonaia.ch\/wp-content\/uploads\/2022\/01\/PAge-IMG-20200504-WA0014-1024x927.jpg\" alt=\"\" class=\"wp-image-111\" style=\"width:359px;height:auto\" srcset=\"https:\/\/artonaia.ch\/wp-content\/uploads\/2022\/01\/PAge-IMG-20200504-WA0014-1024x927.jpg 1024w, https:\/\/artonaia.ch\/wp-content\/uploads\/2022\/01\/PAge-IMG-20200504-WA0014-300x272.jpg 300w, https:\/\/artonaia.ch\/wp-content\/uploads\/2022\/01\/PAge-IMG-20200504-WA0014-768x696.jpg 768w, https:\/\/artonaia.ch\/wp-content\/uploads\/2022\/01\/PAge-IMG-20200504-WA0014-1536x1391.jpg 1536w, https:\/\/artonaia.ch\/wp-content\/uploads\/2022\/01\/PAge-IMG-20200504-WA0014-331x300.jpg 331w, https:\/\/artonaia.ch\/wp-content\/uploads\/2022\/01\/PAge-IMG-20200504-WA0014.jpg 1962w\" sizes=\"auto, (max-width: 1024px) 100vw, 1024px\" \/><figcaption class=\"wp-element-caption\"><em>Bild artonaia<\/em><\/figcaption><\/figure>\n\n\n\n<figure class=\"wp-block-image size-large is-resized\"><img loading=\"lazy\" decoding=\"async\" width=\"1024\" height=\"1024\" src=\"https:\/\/artonaia.ch\/wp-content\/uploads\/2022\/09\/20200426_155528b-1024x1024.jpg\" alt=\"\" class=\"wp-image-402\" style=\"width:361px;height:auto\" srcset=\"https:\/\/artonaia.ch\/wp-content\/uploads\/2022\/09\/20200426_155528b-1024x1024.jpg 1024w, https:\/\/artonaia.ch\/wp-content\/uploads\/2022\/09\/20200426_155528b-300x300.jpg 300w, https:\/\/artonaia.ch\/wp-content\/uploads\/2022\/09\/20200426_155528b-150x150.jpg 150w, https:\/\/artonaia.ch\/wp-content\/uploads\/2022\/09\/20200426_155528b-768x769.jpg 768w, https:\/\/artonaia.ch\/wp-content\/uploads\/2022\/09\/20200426_155528b-1534x1536.jpg 1534w\" sizes=\"auto, (max-width: 1024px) 100vw, 1024px\" \/><figcaption class=\"wp-element-caption\"><em>Bild artonaia<\/em><\/figcaption><\/figure>\n\n\n\n<div style=\"height:50px\" aria-hidden=\"true\" class=\"wp-block-spacer\"><\/div>\n\n\n\n<p class=\"has-normal-font-size\"><strong>28. &#8211; 29. April 2019 &#8211; Bandweekend Bofel<\/strong><\/p>\n\n\n\n<figure class=\"wp-block-image size-large is-resized\"><img loading=\"lazy\" decoding=\"async\" width=\"1024\" height=\"576\" src=\"https:\/\/artonaia.ch\/wp-content\/uploads\/2022\/09\/20190928_172837-1024x576.jpg\" alt=\"\" class=\"wp-image-399\" style=\"width:391px;height:auto\" srcset=\"https:\/\/artonaia.ch\/wp-content\/uploads\/2022\/09\/20190928_172837-1024x576.jpg 1024w, https:\/\/artonaia.ch\/wp-content\/uploads\/2022\/09\/20190928_172837-300x169.jpg 300w, https:\/\/artonaia.ch\/wp-content\/uploads\/2022\/09\/20190928_172837-768x432.jpg 768w, https:\/\/artonaia.ch\/wp-content\/uploads\/2022\/09\/20190928_172837-1536x864.jpg 1536w, https:\/\/artonaia.ch\/wp-content\/uploads\/2022\/09\/20190928_172837-2048x1152.jpg 2048w, https:\/\/artonaia.ch\/wp-content\/uploads\/2022\/09\/20190928_172837-421x237.jpg 421w\" sizes=\"auto, (max-width: 1024px) 100vw, 1024px\" \/><figcaption class=\"wp-element-caption\"><em>Bild artonaia<\/em><\/figcaption><\/figure>\n\n\n\n<figure class=\"wp-block-image size-full is-resized\"><img loading=\"lazy\" decoding=\"async\" width=\"768\" height=\"768\" src=\"https:\/\/artonaia.ch\/wp-content\/uploads\/2022\/09\/Bofel-2019.jpg\" alt=\"\" class=\"wp-image-398\" style=\"width:393px;height:auto\" srcset=\"https:\/\/artonaia.ch\/wp-content\/uploads\/2022\/09\/Bofel-2019.jpg 768w, https:\/\/artonaia.ch\/wp-content\/uploads\/2022\/09\/Bofel-2019-300x300.jpg 300w, https:\/\/artonaia.ch\/wp-content\/uploads\/2022\/09\/Bofel-2019-150x150.jpg 150w\" sizes=\"auto, (max-width: 768px) 100vw, 768px\" \/><figcaption class=\"wp-element-caption\"><em>Bild artonaia<\/em><\/figcaption><\/figure>\n\n\n\n<div style=\"height:100px\" aria-hidden=\"true\" class=\"wp-block-spacer\"><\/div>\n\n\n\n<p><\/p>\n\n\n\n<h2 class=\"wp-block-heading\"><\/h2>\n\n\n\n<p><\/p>\n","protected":false},"excerpt":{"rendered":"<p>30. August 2025 &#8211; Noains Air Noains Air &#8211; Hier sind wir zuhause. Wir verbeugen uns vor Arno, Karine, Manu und dem ganzen grossartigen Helferteam.Bild &hellip;<\/p>\n","protected":false},"author":1,"featured_media":0,"parent":0,"menu_order":0,"comment_status":"closed","ping_status":"closed","template":"","meta":{"footnotes":""},"class_list":["post-135","page","type-page","status-publish","hentry"],"_links":{"self":[{"href":"https:\/\/artonaia.ch\/index.php?rest_route=\/wp\/v2\/pages\/135","targetHints":{"allow":["GET"]}}],"collection":[{"href":"https:\/\/artonaia.ch\/index.php?rest_route=\/wp\/v2\/pages"}],"about":[{"href":"https:\/\/artonaia.ch\/index.php?rest_route=\/wp\/v2\/types\/page"}],"author":[{"embeddable":true,"href":"https:\/\/artonaia.ch\/index.php?rest_route=\/wp\/v2\/users\/1"}],"replies":[{"embeddable":true,"href":"https:\/\/artonaia.ch\/index.php?rest_route=%2Fwp%2Fv2%2Fcomments&post=135"}],"version-history":[{"count":74,"href":"https:\/\/artonaia.ch\/index.php?rest_route=\/wp\/v2\/pages\/135\/revisions"}],"predecessor-version":[{"id":845,"href":"https:\/\/artonaia.ch\/index.php?rest_route=\/wp\/v2\/pages\/135\/revisions\/845"}],"wp:attachment":[{"href":"https:\/\/artonaia.ch\/index.php?rest_route=%2Fwp%2Fv2%2Fmedia&parent=135"}],"curies":[{"name":"wp","href":"https:\/\/api.w.org\/{rel}","templated":true}]}}